{"id":9840,"date":"2024-08-16T08:32:50","date_gmt":"2024-08-16T08:32:50","guid":{"rendered":"https:\/\/www.sonnenterrasse-fiss.at\/husinformation-vinter\/"},"modified":"2026-03-04T13:36:08","modified_gmt":"2026-03-04T13:36:08","slug":"husinformation-vinter","status":"publish","type":"page","link":"https:\/\/www.sonnenterrasse-fiss.at\/da\/husinformation-vinter\/","title":{"rendered":"Husinformation vinter"},"content":{"rendered":"<p><div class=\"fusion-fullwidth fullwidth-box fusion-builder-row-1 fusion-flex-container has-pattern-background has-mask-background nonhundred-percent-fullwidth non-hundred-percent-height-scrolling\" style=\"--link_hover_color: #5f6ad3;--link_color: #5f6ad3;--awb-border-sizes-top:0px;--awb-border-sizes-bottom:0px;--awb-border-sizes-left:0px;--awb-border-sizes-right:0px;--awb-border-radius-top-left:0px;--awb-border-radius-top-right:0px;--awb-border-radius-bottom-right:0px;--awb-border-radius-bottom-left:0px;--awb-padding-top:100px;--awb-padding-right:30px;--awb-padding-bottom:100px;--awb-padding-left:30px;--awb-padding-top-small:45px;--awb-padding-bottom-small:45px;--awb-margin-top:0px;--awb-margin-bottom:0px;--awb-background-color:#dcd6d0;--awb-background-image:linear-gradient(180deg, #ffffff 0%,#dcd6d0 100%);--awb-flex-wrap:wrap;\" ><div class=\"fusion-builder-row fusion-row fusion-flex-align-items-flex-start fusion-flex-justify-content-center fusion-flex-content-wrap\" style=\"max-width:calc( 1375px + 60px );margin-left: calc(-60px \/ 2 );margin-right: calc(-60px \/ 2 );\"><div class=\"fusion-layout-column fusion_builder_column fusion-builder-column-0 fusion_builder_column_1_1 1_1 fusion-flex-column fusion-no-large-visibility\" style=\"--awb-bg-size:cover;--awb-width-large:100%;--awb-margin-top-large:0px;--awb-spacing-right-large:30px;--awb-margin-bottom-large:0px;--awb-spacing-left-large:30px;--awb-width-medium:100%;--awb-spacing-right-medium:30px;--awb-spacing-left-medium:30px;--awb-width-small:100%;--awb-spacing-right-small:30px;--awb-spacing-left-small:30px;\"><div class=\"fusion-column-wrapper fusion-column-has-shadow fusion-flex-justify-content-flex-start fusion-content-layout-column\"><div class=\"fusion-separator fusion-full-width-sep\" style=\"align-self: center;margin-left: auto;margin-right: auto;margin-bottom:5%;width:100%;\"><\/div><\/div><\/div><div class=\"fusion-layout-column fusion_builder_column fusion-builder-column-1 fusion_builder_column_3_4 3_4 fusion-flex-column fusion-animated\" style=\"--awb-bg-size:cover;--awb-width-large:75%;--awb-margin-top-large:0px;--awb-spacing-right-large:30px;--awb-margin-bottom-large:60px;--awb-spacing-left-large:30px;--awb-width-medium:75%;--awb-order-medium:0;--awb-spacing-right-medium:30px;--awb-spacing-left-medium:30px;--awb-width-small:100%;--awb-order-small:1;--awb-spacing-right-small:30px;--awb-spacing-left-small:30px;\" data-animationType=\"fadeInDown\" data-animationDuration=\"1.3\" data-animationOffset=\"top-into-view\"><div class=\"fusion-column-wrapper fusion-column-has-shadow fusion-flex-justify-content-flex-start fusion-content-layout-column\"><div class=\"fusion-title title fusion-title-1 fusion-sep-none fusion-title-text fusion-title-size-two\" style=\"--awb-margin-top:30px;--awb-margin-bottom:30px;--awb-margin-top-small:0px;--awb-margin-right-small:0px;--awb-margin-bottom-small:20px;--awb-margin-left-small:0px;--awb-font-size:70px;\"><h2 class=\"fusion-title-heading title-heading-left fusion-responsive-typography-calculated\" style=\"margin:0;font-size:1em;--fontSize:70;line-height:1.2;\"><p style=\"text-align: center;\">Information om huset<\/p><\/h2><\/div><div class=\"fusion-text fusion-text-1\"><h3 style=\"text-align: center;\">Hvad der venter dig i vores hus og din lejlighed<\/h3>\n<\/div><div class=\"fusion-image-element \" style=\"text-align:center;--awb-margin-top:20px;--awb-margin-bottom:30px;--awb-caption-title-font-family:var(--h2_typography-font-family);--awb-caption-title-font-weight:var(--h2_typography-font-weight);--awb-caption-title-font-style:var(--h2_typography-font-style);--awb-caption-title-size:var(--h2_typography-font-size);--awb-caption-title-transform:var(--h2_typography-text-transform);--awb-caption-title-line-height:var(--h2_typography-line-height);--awb-caption-title-letter-spacing:var(--h2_typography-letter-spacing);\"><span class=\" fusion-imageframe imageframe-none imageframe-1 hover-type-none\"><img decoding=\"async\" width=\"336\" height=\"50\" alt=\"Spacer: Sunspacer fra Appartement Haus i Serfaus Fiss Ladis, din ferielejlighed p\u00e5 en familieferie i Tyrol.\" title=\"Afstandsstykke til skabelon\" src=\"https:\/\/www.sonnenterrasse-fiss.at\/wp-content\/uploads\/2023\/12\/Vorlage-Spacer.png\" data-orig-src=\"https:\/\/www.sonnenterrasse-fiss.at\/wp-content\/uploads\/2023\/12\/Vorlage-Spacer.png\" class=\"lazyload img-responsive wp-image-9719\" srcset=\"data:image\/svg+xml,%3Csvg%20xmlns%3D%27http%3A%2F%2Fwww.w3.org%2F2000%2Fsvg%27%20width%3D%27336%27%20height%3D%2750%27%20viewBox%3D%270%200%20336%2050%27%3E%3Crect%20width%3D%27336%27%20height%3D%2750%27%20fill-opacity%3D%220%22%2F%3E%3C%2Fsvg%3E\" data-srcset=\"https:\/\/www.sonnenterrasse-fiss.at\/wp-content\/uploads\/2023\/12\/Vorlage-Spacer-200x30.png 200w, https:\/\/www.sonnenterrasse-fiss.at\/wp-content\/uploads\/2023\/12\/Vorlage-Spacer.png 336w\" data-sizes=\"auto\" data-orig-sizes=\"(max-width: 1150px) 100vw, (max-width: 640px) 100vw, 336px\" \/><\/span><\/div><div class=\"fusion-text fusion-text-2\"><p style=\"text-align: center;\">Vi er glade for at kunne byde dig velkommen p\u00e5 vores hotel. For at g\u00f8re dit ophold s\u00e5 behageligt som muligt for dig og os, finder du nogle oplysninger p\u00e5 de f\u00f8lgende sider. <\/p>\n<\/div><\/div><\/div><div class=\"fusion-layout-column fusion_builder_column fusion-builder-column-2 fusion_builder_column_1_1 1_1 fusion-flex-column\" style=\"--awb-bg-size:cover;--awb-width-large:100%;--awb-margin-top-large:0px;--awb-spacing-right-large:30px;--awb-margin-bottom-large:20px;--awb-spacing-left-large:30px;--awb-width-medium:100%;--awb-order-medium:0;--awb-spacing-right-medium:30px;--awb-spacing-left-medium:30px;--awb-width-small:100%;--awb-order-small:0;--awb-spacing-right-small:30px;--awb-spacing-left-small:30px;\"><div class=\"fusion-column-wrapper fusion-column-has-shadow fusion-flex-justify-content-flex-start fusion-content-layout-column\"><div class=\"fusion-separator fusion-full-width-sep\" style=\"align-self: center;margin-left: auto;margin-right: auto;width:100%;\"><\/div><\/div><\/div><div class=\"fusion-layout-column fusion_builder_column fusion-builder-column-3 fusion_builder_column_1_2 1_2 fusion-flex-column fusion-animated\" style=\"--awb-bg-size:cover;--awb-width-large:50%;--awb-margin-top-large:0px;--awb-spacing-right-large:calc( 0.04 * calc( 100% - 60px ) );--awb-margin-bottom-large:0px;--awb-spacing-left-large:30px;--awb-width-medium:50%;--awb-order-medium:0;--awb-spacing-right-medium:calc( 0.04 * calc( 100% - 60px ) );--awb-spacing-left-medium:30px;--awb-width-small:100%;--awb-order-small:2;--awb-spacing-right-small:30px;--awb-margin-bottom-small:50px;--awb-spacing-left-small:30px;\" data-animationType=\"fadeInUp\" data-animationDuration=\"1.3\" data-animationOffset=\"top-into-view\"><div class=\"fusion-column-wrapper fusion-column-has-shadow fusion-flex-justify-content-flex-start fusion-content-layout-column\"><div class=\"fusion-text fusion-text-3\"><h3>Badek\u00e5ber:<\/h3>\n<p>Du er velkommen til at l\u00e5ne en badek\u00e5be af os. Der vil blive opkr\u00e6vet et engangsgebyr p\u00e5 10 euro. Aflever venligst badek\u00e5ben efter endt ferie!<\/p>\n<\/div><div class=\"fusion-separator fusion-full-width-sep\" style=\"align-self: center;margin-left: auto;margin-right: auto;margin-bottom:30px;width:100%;\"><\/div><div class=\"fusion-text fusion-text-4\"><h3>Badesjov fra juni til oktober:<\/h3>\n<p>I haven finder du vores nye sv\u00f8mmedam. Den er 1,30 meter dyb og st\u00e5r til fri afbenyttelse.<br \/>\nBrug p\u00e5 eget ansvar.<\/p>\n<\/div><div class=\"fusion-separator fusion-full-width-sep\" style=\"align-self: center;margin-left: auto;margin-right: auto;margin-bottom:30px;width:100%;\"><\/div><div class=\"fusion-text fusion-text-5\"><h3>Skift af h\u00e5ndkl\u00e6de:<\/h3>\n<p>H\u00e5nd- og badeh\u00e5ndkl\u00e6der skiftes en gang om ugen.<br \/>\nH\u00e5nd- og badeh\u00e5ndkl\u00e6der kan ogs\u00e5 skiftes dagligt efter anmodning (5 euro pr. h\u00e5ndkl\u00e6de).<br \/>\nEn opfordring til damerne i huset: Brug ikke vores h\u00e5ndkl\u00e6der til at fjerne makeup.<\/p>\n<\/div><div class=\"fusion-separator fusion-full-width-sep\" style=\"align-self: center;margin-left: auto;margin-right: auto;margin-bottom:30px;width:100%;\"><\/div><div class=\"fusion-text fusion-text-6\"><h3>Betaling:<\/h3>\n<p>Af organisatoriske \u00e5rsager beder vi dig venligst om at betale regningen aftenen f\u00f8r din afrejse.<br \/>\nVed kontant betaling: minus 2 % af lejlighedsprisen (uden depositum)<br \/>\nHvis du starter din hjemrejse f\u00f8r tid, refunderes ingen omkostninger.<\/p>\n<\/div><div class=\"fusion-separator fusion-full-width-sep\" style=\"align-self: center;margin-left: auto;margin-right: auto;margin-bottom:30px;width:100%;\"><\/div><div class=\"fusion-text fusion-text-7\"><h3>Br\u00f8dservice:<\/h3>\n<p>V\u00e6lg dine personlige favoritter af frisk br\u00f8d senest kl. 11.00, og n\u00e6ste morgen kan du forvente vidunderligt duftende br\u00f8d fra Althaler-bageriet i Serfaus.<\/p>\n<\/div><div class=\"fusion-separator fusion-full-width-sep\" style=\"align-self: center;margin-left: auto;margin-right: auto;margin-bottom:30px;width:100%;\"><\/div><div class=\"fusion-text fusion-text-8\"><h3>Booking:<\/h3>\n<p>Lejligheden er booket til det antal personer, du har angivet. Yderligere personer er kun muligt efter forudg\u00e5ende aftale og vil blive opkr\u00e6vet ekstra. Dette g\u00e6lder ogs\u00e5 b\u00f8rn.<\/p>\n<\/div><div class=\"fusion-separator fusion-full-width-sep\" style=\"align-self: center;margin-left: auto;margin-right: auto;margin-bottom:30px;width:100%;\"><\/div><div class=\"fusion-text fusion-text-9\"><h3>Tjek ud:<\/h3>\n<p>P\u00e5 afrejsedagen beder vi dig om at forlade dit v\u00e6relse senest kl. 9.00.<\/p>\n<\/div><div class=\"fusion-separator fusion-full-width-sep\" style=\"align-self: center;margin-left: auto;margin-right: auto;margin-bottom:30px;width:100%;\"><\/div><div class=\"fusion-text fusion-text-10\"><h3>Kaffe:<\/h3>\n<p>Nespresso-kapsler kan k\u00f8bes hos os for \u20ac 0,50 pr. kapsel.<\/p>\n<\/div><div class=\"fusion-separator fusion-full-width-sep\" style=\"align-self: center;margin-left: auto;margin-right: auto;margin-bottom:30px;width:100%;\"><\/div><\/div><\/div><div class=\"fusion-layout-column fusion_builder_column fusion-builder-column-4 fusion_builder_column_1_2 1_2 fusion-flex-column fusion-animated\" style=\"--awb-bg-size:cover;--awb-width-large:50%;--awb-margin-top-large:0px;--awb-spacing-right-large:30px;--awb-margin-bottom-large:0px;--awb-spacing-left-large:calc( 0.04 * calc( 100% - 60px ) );--awb-width-medium:50%;--awb-order-medium:0;--awb-spacing-right-medium:30px;--awb-spacing-left-medium:calc( 0.04 * calc( 100% - 60px ) );--awb-width-small:100%;--awb-order-small:3;--awb-spacing-right-small:30px;--awb-margin-bottom-small:50px;--awb-spacing-left-small:30px;\" data-animationType=\"fadeInUp\" data-animationDuration=\"1.3\" data-animationOffset=\"top-into-view\"><div class=\"fusion-column-wrapper fusion-column-has-shadow fusion-flex-justify-content-flex-start fusion-content-layout-column\"><div class=\"fusion-text fusion-text-11\"><h3>Morgenmad:<\/h3>\n<p>Kun muligt med forudbestilling.<br \/>\nfra 7:30 &#8211; 9:30 om morgenen<br \/>\n19,- Euro pr. person<br \/>\nfor b\u00f8rn fra 3 \u00e5r &#8211; \u20ac 1,- pr. \u00e5rs alder<\/p>\n<p>Hvis du planl\u00e6gger en tidligere afgang eller har et andet dagsprogram, er det ogs\u00e5 muligt at tage af sted tidligere efter forudg\u00e5ende aftale.<\/p>\n<\/div><div class=\"fusion-separator fusion-full-width-sep\" style=\"align-self: center;margin-left: auto;margin-right: auto;margin-bottom:30px;width:100%;\"><\/div><div class=\"fusion-text fusion-text-12\"><h3>H\u00e5ndlavet:<\/h3>\n<p>Individuelle stykker af tr\u00e6, noget syet eller m\u00e5ske noget sundt?<br \/>\nVi har sm\u00e5 souvenirs p\u00e5 tr\u00e6bygningens tagterrasse.<br \/>\nDu kan bare tage dem med til receptionen og betale der.<\/p>\n<\/div><div class=\"fusion-separator fusion-full-width-sep\" style=\"align-self: center;margin-left: auto;margin-right: auto;margin-bottom:30px;width:100%;\"><\/div><div class=\"fusion-text fusion-text-13\"><h3>Bes\u00f8g:<\/h3>\n<p>Vi vil gerne p\u00e5pege, at vi som udlejer gerne vil informeres om dette.<br \/>\nDet er ogs\u00e5 muligt at bruge vores salon ved indgangen.<\/p>\n<\/div><div class=\"fusion-separator fusion-full-width-sep\" style=\"align-self: center;margin-left: auto;margin-right: auto;margin-bottom:30px;width:100%;\"><\/div><div class=\"fusion-text fusion-text-14\"><h3>Internet:<\/h3>\n<p>Gratis<br \/>\nW-Lan er til r\u00e5dighed for dit ophold.<br \/>\nBruger: sonnen PW: terrasse<\/p>\n<\/div><div class=\"fusion-separator fusion-full-width-sep\" style=\"align-self: center;margin-left: auto;margin-right: auto;margin-bottom:30px;width:100%;\"><\/div><div class=\"fusion-text fusion-text-15\"><h3>Udlejning af barnevogn:<\/h3>\n<p>Barnevogne kan l\u00e5nes i Bertas b\u00f8rnehave.<\/p>\n<p>Pris: \u20ac 19,- pr. dag,<\/p>\n<\/div><div class=\"fusion-separator fusion-full-width-sep\" style=\"align-self: center;margin-left: auto;margin-right: auto;margin-bottom:30px;width:100%;\"><\/div><div class=\"fusion-text fusion-text-16\"><h3>Udstyr til b\u00f8rn:<\/h3>\n<p>Til vores sm\u00e5 g\u00e6ster tilbyder vi et komplet b\u00f8rneudstyr, som g\u00f8r starten p\u00e5 ferien endnu nemmere. Bare sp\u00f8rg os, hvis du har brug for andet.<\/p>\n<\/div><div class=\"fusion-separator fusion-full-width-sep\" style=\"align-self: center;margin-left: auto;margin-right: auto;margin-bottom:30px;width:100%;\"><\/div><div class=\"fusion-text fusion-text-17\"><h3>B\u00f8rnepasning:<\/h3>\n<p>Skiskolen Fiss-Ladis tilbyder b\u00f8rnepasning for de mindste. Fra 3 m\u00e5neder fra s\u00f8ndag til fredag fra kl. 9-16.<br \/>\nHeldagspasning: 68 Euro<br \/>\nHalvdagspasning: 45 Euro<\/p>\n<\/div><div class=\"fusion-separator fusion-full-width-sep\" style=\"align-self: center;margin-left: auto;margin-right: auto;margin-bottom:30px;width:100%;\"><\/div><\/div><\/div><\/div><\/div><div class=\"fusion-fullwidth fullwidth-box fusion-builder-row-2 fusion-flex-container has-pattern-background has-mask-background nonhundred-percent-fullwidth non-hundred-percent-height-scrolling\" style=\"--awb-border-radius-top-left:0px;--awb-border-radius-top-right:0px;--awb-border-radius-bottom-right:0px;--awb-border-radius-bottom-left:0px;--awb-background-image:linear-gradient(180deg, #ffffff 0%,#dcd6d0 100%);--awb-flex-wrap:wrap;\" ><div class=\"fusion-builder-row fusion-row fusion-flex-align-items-flex-start fusion-flex-content-wrap\" style=\"max-width:1430px;margin-left: calc(-4% \/ 2 );margin-right: calc(-4% \/ 2 );\"><div class=\"fusion-layout-column fusion_builder_column fusion-builder-column-5 fusion_builder_column_1_2 1_2 fusion-flex-column\" style=\"--awb-bg-size:cover;--awb-width-large:50%;--awb-margin-top-large:0px;--awb-spacing-right-large:3.84%;--awb-margin-bottom-large:8%;--awb-spacing-left-large:3.84%;--awb-width-medium:100%;--awb-order-medium:0;--awb-spacing-right-medium:1.92%;--awb-spacing-left-medium:1.92%;--awb-width-small:100%;--awb-order-small:0;--awb-spacing-right-small:1.92%;--awb-spacing-left-small:1.92%;\"><div class=\"fusion-column-wrapper fusion-column-has-shadow fusion-flex-justify-content-flex-start fusion-content-layout-column\"><div class=\"fusion-text fusion-text-18\"><h3>Madrasser:<\/h3>\n<p>For optimal hvile under s\u00f8vnen skal du sove p\u00e5 en 7-zoners koldskumsmadras.<br \/>\nSmukke dr\u00f8mme er garanteret!<\/p>\n<\/div><div class=\"fusion-separator fusion-full-width-sep\" style=\"align-self: center;margin-left: auto;margin-right: auto;margin-bottom:30px;width:100%;\"><\/div><div class=\"fusion-text fusion-text-19\"><h3>Forbud mod rygning:<\/h3>\n<p>I tilf\u00e6lde af r\u00f8g fra en brand eller cigaretr\u00f8g udl\u00f8ser de tr\u00e5dl\u00f8se r\u00f8gdetektorer, som er installeret i hele huset af sikkerhedsm\u00e6ssige \u00e5rsager, en h\u00f8j alarm, som straks sendes videre til brandv\u00e6senet i Fiss.<\/p>\n<p>Hvis det er en falsk alarm (f.eks. r\u00f8gudvikling p\u00e5 grund af br\u00e6ndt mad), opkr\u00e6ver brandv\u00e6senet 400 euro.<\/p>\n<\/div><div class=\"fusion-separator fusion-full-width-sep\" style=\"align-self: center;margin-left: auto;margin-right: auto;margin-bottom:30px;width:100%;\"><\/div><div class=\"fusion-text fusion-text-20\"><h3>Sikkert:<\/h3>\n<p>Du har dit eget pengeskab p\u00e5 v\u00e6relset til v\u00e6rdigenstande. Du finder betjeningsvejledningen i pengeskabet.<\/p>\n<\/div><div class=\"fusion-separator fusion-full-width-sep\" style=\"align-self: center;margin-left: auto;margin-right: auto;margin-bottom:30px;width:100%;\"><\/div><div class=\"fusion-text fusion-text-21\"><h3>N\u00f8gle\/n\u00f8glekort:<\/h3>\n<p>Vores g\u00e6sters sikkerhedsbehov er meget vigtige for os. Vi har derfor besluttet at l\u00e5se alle d\u00f8re ved hj\u00e6lp af et n\u00f8glekort.<br \/>\nBeskadigede eller mistede n\u00f8glekort vil blive opkr\u00e6vet 2 euro pr. stk.<br \/>\nBem\u00e6rk: N\u00f8glekortene mister automatisk deres gyldighed p\u00e5 afrejsedagen. Returner venligst kortet.<\/p>\n<\/div><div class=\"fusion-separator fusion-full-width-sep\" style=\"align-self: center;margin-left: auto;margin-right: auto;margin-bottom:30px;width:100%;\"><\/div><div class=\"fusion-text fusion-text-22\"><h3>Telefon:<\/h3>\n<p>En enhed koster 22 cent og opkr\u00e6ves aftenen f\u00f8r din hjemrejse. Interne opkald er gratis.<\/p>\n<\/div><div class=\"fusion-separator fusion-full-width-sep\" style=\"align-self: center;margin-left: auto;margin-right: auto;margin-bottom:30px;width:100%;\"><\/div><div class=\"fusion-text fusion-text-23\"><h3>Vaskeri:<\/h3>\n<p>Du kan vaske og t\u00f8rre dit eget t\u00f8j i det nye skirum.<br \/>\nDu er velkommen til at bruge det vaskepulver, vi stiller til r\u00e5dighed til dette form\u00e5l.<br \/>\nEn vask koster 7 euro og opkr\u00e6ves efter endt ferie.<\/p>\n<\/div><div class=\"fusion-separator fusion-full-width-sep\" style=\"align-self: center;margin-left: auto;margin-right: auto;margin-bottom:30px;width:100%;\"><\/div><div class=\"fusion-text fusion-text-24\"><h3>Forudbestilling:<\/h3>\n<p>Vi tager gerne imod forh\u00e5ndsreservationer for det kommende \u00e5r.<br \/>\nGiv os venligst besked om den \u00f8nskede ferieperiode, s\u00e5 vi kan skrive den ind i vores bookingkalender. Reservationen vil f\u00f8rst blive bekr\u00e6ftet af os efter din bekr\u00e6ftelse.<\/p>\n<\/div><div class=\"fusion-separator fusion-full-width-sep\" style=\"align-self: center;margin-left: auto;margin-right: auto;margin-bottom:30px;width:100%;\"><\/div><div class=\"fusion-text fusion-text-25\"><h3>Vidste du, at&#8230;<\/h3>\n<p>du kan bruge alle \u00e5bne lifte om sommeren for kun \u20ac 6,50\/nat\/pr. voksen?<br \/>\nOg b\u00f8rn betaler kun halv pris.<\/p>\n<\/div><div class=\"fusion-separator fusion-full-width-sep\" style=\"align-self: center;margin-left: auto;margin-right: auto;margin-bottom:30px;width:100%;\"><\/div><\/div><\/div><div class=\"fusion-layout-column fusion_builder_column fusion-builder-column-6 fusion_builder_column_1_2 1_2 fusion-flex-column\" style=\"--awb-bg-size:cover;--awb-width-large:50%;--awb-margin-top-large:0px;--awb-spacing-right-large:3.84%;--awb-margin-bottom-large:8%;--awb-spacing-left-large:3.84%;--awb-width-medium:100%;--awb-order-medium:0;--awb-spacing-right-medium:1.92%;--awb-spacing-left-medium:1.92%;--awb-width-small:100%;--awb-order-small:0;--awb-spacing-right-small:1.92%;--awb-spacing-left-small:1.92%;\"><div class=\"fusion-column-wrapper fusion-column-has-shadow fusion-flex-justify-content-flex-start fusion-content-layout-column\"><div class=\"fusion-text fusion-text-26\"><h3>Affaldssortering:<\/h3>\n<p>Vi er lovm\u00e6ssigt forpligtet til at sortere vores affald. Derfor en stor opfordring til dig:<br \/>\nPak ikke affaldet ind i plastikposer, og put ikke forskellige materialer ind i hinanden. Af hensyn til hygiejnen beder vi dig om at sortere dit affald og bringe det til containerne.<br \/>\nF\u00f8lgende containere er til r\u00e5dighed: Plast, d\u00e5ser (aluminium), glas, tetrapakker, papir, pap, organisk affald, restaffald<\/p>\n<\/div><div class=\"fusion-separator fusion-full-width-sep\" style=\"align-self: center;margin-left: auto;margin-right: auto;margin-bottom:30px;width:100%;\"><\/div><div class=\"fusion-text fusion-text-27\"><h3>Modtagelse:<\/h3>\n<p>Hvis receptionen ikke er bemandet, skal du bare ringe. Brug telefonen i receptionen eller i din lejlighed.<br \/>\nBegge dele er gratis.<\/p>\n<\/div><div class=\"fusion-separator fusion-full-width-sep\" style=\"align-self: center;margin-left: auto;margin-right: auto;margin-bottom:30px;width:100%;\"><\/div><div class=\"fusion-text fusion-text-28\"><h3>Skader:<\/h3>\n<p>Vi beder dig om at passe p\u00e5 vores m\u00f8bler og straks anmelde eventuelle skader.<\/p>\n<\/div><div class=\"fusion-separator fusion-full-width-sep\" style=\"align-self: center;margin-left: auto;margin-right: auto;margin-bottom:30px;width:100%;\"><\/div><div class=\"fusion-text fusion-text-29\"><h3>Vandring med snesko:<\/h3>\n<p>Oplev bjergverdenen p\u00e5 en anden m\u00e5de: En forn\u00f8jelse for b\u00e5de begyndere og \u00f8vede skil\u00f8bere.<br \/>\nDer kr\u00e6ves ingen skikvalifikationer.<br \/>\nTilmelding mulig p\u00e5 Fiss-Ladis skiskole.<\/p>\n<\/div><div class=\"fusion-separator fusion-full-width-sep\" style=\"align-self: center;margin-left: auto;margin-right: auto;margin-bottom:30px;width:100%;\"><\/div><div class=\"fusion-text fusion-text-30\"><h3>Bordtennis:<\/h3>\n<p>Der kan spilles bordtennis p\u00e5 tagterrassen i nabobygningen.<\/p>\n<\/div><div class=\"fusion-separator fusion-full-width-sep\" style=\"align-self: center;margin-left: auto;margin-right: auto;margin-bottom:30px;width:100%;\"><\/div><div class=\"fusion-text fusion-text-31\"><h3>Trampolin:<\/h3>\n<p>P\u00e5 tagterrassen ved udhuset.<\/p>\n<\/div><div class=\"fusion-separator fusion-full-width-sep\" style=\"align-self: center;margin-left: auto;margin-right: auto;margin-bottom:30px;width:100%;\"><\/div><div class=\"fusion-text fusion-text-32\"><h3>Glemt?<\/h3>\n<p>Har du glemt din tandb\u00f8rste, tandpasta &#8230;? Bare sp\u00f8rg os.<\/p>\n<\/div><div class=\"fusion-separator fusion-full-width-sep\" style=\"align-self: center;margin-left: auto;margin-right: auto;margin-bottom:30px;width:100%;\"><\/div><div class=\"fusion-text fusion-text-33\"><h3>Vandkvalitet:<\/h3>\n<p>Vi har det fineste bjergkildevand, som du kan drikke direkte fra hanen uden at t\u00f8ve.<\/p>\n<\/div><div class=\"fusion-separator fusion-full-width-sep\" style=\"align-self: center;margin-left: auto;margin-right: auto;margin-bottom:30px;width:100%;\"><\/div><div class=\"fusion-text fusion-text-34\"><h3>Roomservice:<\/h3>\n<p>Din lejlighed vil ogs\u00e5 blive rengjort i l\u00f8bet af ugen mod et ekstra gebyr p\u00e5 \u20ac 25 pr. reng\u00f8ring.<\/p>\n<\/div><div class=\"fusion-separator fusion-full-width-sep\" style=\"align-self: center;margin-left: auto;margin-right: auto;margin-bottom:30px;width:100%;\"><\/div><\/div><\/div><\/div><\/div><div class=\"fusion-fullwidth fullwidth-box fusion-builder-row-3 fusion-flex-container has-pattern-background has-mask-background nonhundred-percent-fullwidth non-hundred-percent-height-scrolling\" style=\"--awb-border-radius-top-left:0px;--awb-border-radius-top-right:0px;--awb-border-radius-bottom-right:0px;--awb-border-radius-bottom-left:0px;--awb-background-color:#dcd6d0;--awb-background-image:linear-gradient(180deg, #ffffff 0%,#dcd6d0 100%);--awb-flex-wrap:wrap;\" ><div class=\"fusion-builder-row fusion-row fusion-flex-align-items-flex-start fusion-flex-content-wrap\" style=\"max-width:1430px;margin-left: calc(-4% \/ 2 );margin-right: calc(-4% \/ 2 );\"><div class=\"fusion-layout-column fusion_builder_column fusion-builder-column-7 fusion_builder_column_1_1 1_1 fusion-flex-column\" style=\"--awb-bg-size:cover;--awb-width-large:100%;--awb-margin-top-large:0px;--awb-spacing-right-large:1.92%;--awb-margin-bottom-large:8%;--awb-spacing-left-large:1.92%;--awb-width-medium:100%;--awb-order-medium:0;--awb-spacing-right-medium:1.92%;--awb-spacing-left-medium:1.92%;--awb-width-small:100%;--awb-order-small:0;--awb-spacing-right-small:1.92%;--awb-spacing-left-small:1.92%;\"><div class=\"fusion-column-wrapper fusion-column-has-shadow fusion-flex-justify-content-flex-start fusion-content-layout-column\"><div class=\"fusion-text fusion-text-35\"><h3 style=\"text-align: center;\">Vigtige telefonnumre<\/h3>\n<h3 style=\"text-align: center;\"><\/h3>\n<\/div><div class=\"fusion-separator fusion-full-width-sep\" style=\"align-self: center;margin-left: auto;margin-right: auto;margin-bottom:30px;width:100%;\"><\/div><div class=\"fusion-text fusion-text-36\"><p style=\"text-align: center;\"><strong>Ried politistation<\/strong>: +43 59133<\/p>\n<hr>\n<h3 style=\"text-align: center;\"><\/h3>\n<\/div><div class=\"fusion-separator fusion-full-width-sep\" style=\"align-self: center;margin-left: auto;margin-right: auto;margin-bottom:30px;width:100%;\"><\/div><div class=\"fusion-text fusion-text-37\"><p style=\"text-align: center;\"><strong>Bjergbaner S-F-L:<\/strong> +43 5476 6396<\/p>\n<hr>\n<h3 style=\"text-align: center;\"><\/h3>\n<\/div><div class=\"fusion-separator fusion-full-width-sep\" style=\"align-self: center;margin-left: auto;margin-right: auto;margin-bottom:30px;width:100%;\"><\/div><div class=\"fusion-text fusion-text-38\"><p style=\"text-align: center;\"><strong>Mini&amp;Maxi-klubben<\/strong>: +43 664 4245085<\/p>\n<hr>\n<h3 style=\"text-align: center;\"><\/h3>\n<\/div><div class=\"fusion-separator fusion-full-width-sep\" style=\"align-self: center;margin-left: auto;margin-right: auto;margin-bottom:30px;width:100%;\"><\/div><div class=\"fusion-text fusion-text-39\"><p style=\"text-align: center;\"><strong>Turistkontor<\/strong>: +43 5476 6239<\/p>\n<hr>\n<h3 style=\"text-align: center;\"><\/h3>\n<\/div><div class=\"fusion-separator fusion-full-width-sep\" style=\"align-self: center;margin-left: auto;margin-right: auto;margin-bottom:30px;width:100%;\"><\/div><div class=\"fusion-text fusion-text-40\"><p style=\"text-align: center;\"><strong>Taxa S-F-L<\/strong>: +43 5476 6700<\/p>\n<hr>\n<h3 style=\"text-align: center;\"><\/h3>\n<\/div><div class=\"fusion-separator fusion-full-width-sep\" style=\"align-self: center;margin-left: auto;margin-right: auto;margin-bottom:30px;width:100%;\"><\/div><div class=\"fusion-text fusion-text-41\"><p style=\"text-align: center;\"><strong>FISSMED Fiss<\/strong>: +43 5476 6090<strong><br \/>\nDr. Robert Stefan Fiss<\/strong>:+43 5476 60660<br \/>\n<strong>MED Serfaus<\/strong>: +43 5476 53000<\/p>\n<hr>\n<h3 style=\"text-align: center;\"><\/h3>\n<\/div><div class=\"fusion-separator fusion-full-width-sep\" style=\"align-self: center;margin-left: auto;margin-right: auto;margin-bottom:30px;width:100%;\"><\/div><div class=\"fusion-text fusion-text-42\"><p style=\"text-align: center;\"><strong>Tandl\u00e6ge Dr. Mangweth, Nauders<\/strong><strong>:<\/strong> +43 5473 87 790<\/p>\n<hr>\n<h3 style=\"text-align: center;\"><\/h3>\n<\/div><div class=\"fusion-separator fusion-full-width-sep\" style=\"align-self: center;margin-left: auto;margin-right: auto;margin-bottom:30px;width:100%;\"><\/div><div class=\"fusion-text fusion-text-43\"><p style=\"text-align: center;\"><strong>Zams Hospital: <\/strong>+43 5442 600<\/p>\n<hr>\n<h3 style=\"text-align: center;\"><\/h3>\n<\/div><div class=\"fusion-separator fusion-full-width-sep\" style=\"align-self: center;margin-left: auto;margin-right: auto;margin-bottom:30px;width:100%;\"><\/div><div class=\"fusion-text fusion-text-44\"><p style=\"text-align: center;\"><strong>Redning:<\/strong> 144<br \/>\n<strong>Politi:<\/strong> 133<br \/>\n<strong>Brandv\u00e6sen:<\/strong> 122<\/p>\n<\/div><div class=\"fusion-separator fusion-full-width-sep\" style=\"align-self: center;margin-left: auto;margin-right: auto;margin-bottom:30px;width:100%;\"><\/div><\/div><\/div><\/div><\/div><div class=\"fusion-fullwidth fullwidth-box fusion-builder-row-4 fusion-flex-container has-pattern-background has-mask-background nonhundred-percent-fullwidth non-hundred-percent-height-scrolling\" style=\"--awb-border-radius-top-left:0px;--awb-border-radius-top-right:0px;--awb-border-radius-bottom-right:0px;--awb-border-radius-bottom-left:0px;--awb-background-image:linear-gradient(180deg, #ffffff 0%,#dcd6d0 100%);--awb-flex-wrap:wrap;\" ><div class=\"fusion-builder-row fusion-row fusion-flex-align-items-flex-start fusion-flex-content-wrap\" style=\"max-width:1430px;margin-left: calc(-4% \/ 2 );margin-right: calc(-4% \/ 2 );\"><div class=\"fusion-layout-column fusion_builder_column fusion-builder-column-8 fusion_builder_column_1_2 1_2 fusion-flex-column\" style=\"--awb-bg-size:cover;--awb-width-large:50%;--awb-margin-top-large:0px;--awb-spacing-right-large:3.84%;--awb-margin-bottom-large:8%;--awb-spacing-left-large:3.84%;--awb-width-medium:100%;--awb-order-medium:0;--awb-spacing-right-medium:1.92%;--awb-spacing-left-medium:1.92%;--awb-width-small:100%;--awb-order-small:0;--awb-spacing-right-small:1.92%;--awb-spacing-left-small:1.92%;\"><div class=\"fusion-column-wrapper fusion-column-has-shadow fusion-flex-justify-content-flex-start fusion-content-layout-column\"><div class=\"fusion-text fusion-text-45\"><h3 style=\"text-align: center;\">Skirum<\/h3>\n<h3 style=\"text-align: center;\"><\/h3>\n<\/div><div class=\"fusion-separator fusion-full-width-sep\" style=\"align-self: center;margin-left: auto;margin-right: auto;margin-bottom:30px;width:100%;\"><\/div><div class=\"fusion-text fusion-text-46\"><p style=\"text-align: center;\"><strong>Vores nye skirum st\u00e5r til r\u00e5dighed for vores g\u00e6ster:<br \/>\n<\/strong><\/p>\n<hr>\n<h3 style=\"text-align: center;\"><\/h3>\n<\/div><div class=\"fusion-separator fusion-full-width-sep\" style=\"align-self: center;margin-left: auto;margin-right: auto;margin-bottom:30px;width:100%;\"><\/div><div class=\"fusion-text fusion-text-47\"><p style=\"text-align: center;\"><strong>Sikkerheden for dit udstyr er vigtig for os, og derfor er adgang kun mulig med et gyldigt n\u00f8glekort fra vores virksomhed.<\/strong><\/p>\n<hr>\n<h3 style=\"text-align: center;\"><\/h3>\n<\/div><div class=\"fusion-separator fusion-full-width-sep\" style=\"align-self: center;margin-left: auto;margin-right: auto;margin-bottom:30px;width:100%;\"><\/div><div class=\"fusion-text fusion-text-48\"><p style=\"text-align: center;\">In-house skirum til at &#8220;parkere\" dine ski, langrendsski, snowboards, turski og meget mere, samt din barnevogn.<br \/>\nVores skirum ligger i udhuset.<br \/>\nEt afl\u00e5seligt skab er til r\u00e5dighed for alle.<br \/>\nBrugen af skiskabene i Hexenalm skidepotet forbliver &#8230; &#8230; for 3,75 euro pr. person\/dag.<br \/>\nSkist\u00f8vlet\u00f8rrere s\u00f8rger for, at dine skist\u00f8vler er lune og varme, n\u00e5r du starter din skidag. I skirummet og p\u00e5 solterrassen i Hexenalm skidepot. <\/p>\n<hr>\n<h3 style=\"text-align: center;\"><\/h3>\n<\/div><\/div><\/div><div class=\"fusion-layout-column fusion_builder_column fusion-builder-column-9 fusion_builder_column_1_2 1_2 fusion-flex-column\" style=\"--awb-bg-size:cover;--awb-width-large:50%;--awb-margin-top-large:0px;--awb-spacing-right-large:3.84%;--awb-margin-bottom-large:8%;--awb-spacing-left-large:3.84%;--awb-width-medium:100%;--awb-order-medium:0;--awb-spacing-right-medium:1.92%;--awb-spacing-left-medium:1.92%;--awb-width-small:100%;--awb-order-small:0;--awb-spacing-right-small:1.92%;--awb-spacing-left-small:1.92%;\"><div class=\"fusion-column-wrapper fusion-column-has-shadow fusion-flex-justify-content-flex-start fusion-content-layout-column\"><div class=\"fusion-text fusion-text-49\"><h3 style=\"text-align: center;\">Sauna<\/h3>\n<h3 style=\"text-align: center;\"><\/h3>\n<\/div><div class=\"fusion-separator fusion-full-width-sep\" style=\"align-self: center;margin-left: auto;margin-right: auto;margin-bottom:30px;width:100%;\"><\/div><div class=\"fusion-text fusion-text-50\"><p style=\"text-align: center;\"><strong>Hvis du elsker naturen og gerne vil opleve stemningen af et saunabad i en massiv tr\u00e6sauna i det fri, s\u00e5 er dette stedet for dig. Fork\u00e6l dig selv med denne forn\u00f8jelse i den originale tyrolske grantr\u00e6ssauna.<br \/>\nMed en vidunderlig udsigt over vores smukke landskab og den nedg\u00e5ende sol bag bjergene kan du komme lidt t\u00e6ttere p\u00e5 naturens kr\u00e6fter og elementer p\u00e5 en effektiv m\u00e5de i vidunderlige omgivelser!<br \/>\n<\/strong><\/p>\n<hr>\n<h3 style=\"text-align: center;\"><\/h3>\n<\/div><div class=\"fusion-separator fusion-full-width-sep\" style=\"align-self: center;margin-left: auto;margin-right: auto;margin-bottom:30px;width:100%;\"><\/div><div class=\"fusion-text fusion-text-51\"><p style=\"text-align: center;\"><strong>Bem\u00e6rk venligst f\u00f8lgende:<\/strong><br \/>\nH\u00e5ndkl\u00e6der findes ved saunaen &#8211; brug bagindgangen.<br \/>\nEfterlad venligst ikke brugte h\u00e5ndkl\u00e6der i saunaen, der er en vasket\u00f8jskurv i huset til dette form\u00e5l.<\/p>\n<hr>\n<h3 style=\"text-align: center;\"><\/h3>\n<\/div><div class=\"fusion-separator fusion-full-width-sep\" style=\"align-self: center;margin-left: auto;margin-right: auto;margin-bottom:30px;width:100%;\"><\/div><div class=\"fusion-text fusion-text-52\"><p style=\"text-align: center;\"><b> <\/b><b>S\u00f8ndag &#8211; fredag<br \/>\n<\/b><b>16 &#8211; 19:00<\/b><\/p>\n<hr>\n<h3 style=\"text-align: center;\"><\/h3>\n<\/div><div class=\"fusion-separator fusion-full-width-sep\" style=\"align-self: center;margin-left: auto;margin-right: auto;margin-bottom:30px;width:100%;\"><\/div><\/div><\/div><div class=\"fusion-layout-column fusion_builder_column fusion-builder-column-10 fusion_builder_column_1_1 1_1 fusion-flex-column\" style=\"--awb-bg-size:cover;--awb-width-large:100%;--awb-margin-top-large:0px;--awb-spacing-right-large:1.92%;--awb-margin-bottom-large:8%;--awb-spacing-left-large:1.92%;--awb-width-medium:100%;--awb-order-medium:0;--awb-spacing-right-medium:1.92%;--awb-spacing-left-medium:1.92%;--awb-width-small:100%;--awb-order-small:0;--awb-spacing-right-small:1.92%;--awb-spacing-left-small:1.92%;\" data-scroll-devices=\"small-visibility,medium-visibility,large-visibility\"><div class=\"fusion-column-wrapper fusion-column-has-shadow fusion-flex-justify-content-flex-start fusion-content-layout-column\"><div class=\"fusion-text fusion-text-53\"><h3 style=\"text-align: center;\">H\u00e5ndlavet<\/h3>\n<h3 style=\"text-align: center;\"><\/h3>\n<\/div><div class=\"fusion-text fusion-text-54\"><p style=\"text-align: center;\"><strong>Individuelle stykker af tr\u00e6, noget syet eller m\u00e5ske noget sundt?<\/strong><br \/>\n<strong>Vi har sm\u00e5 souvenirs p\u00e5 tr\u00e6bygningens tagterrasse.  <\/strong><br \/>\n<strong>Du kan bare tage dem med til receptionen og betale der.<\/strong><\/p>\n<h3 style=\"text-align: center;\"><\/h3>\n<\/div><div class=\"fusion-image-element \" style=\"text-align:center;--awb-caption-title-font-family:var(--h2_typography-font-family);--awb-caption-title-font-weight:var(--h2_typography-font-weight);--awb-caption-title-font-style:var(--h2_typography-font-style);--awb-caption-title-size:var(--h2_typography-font-size);--awb-caption-title-transform:var(--h2_typography-text-transform);--awb-caption-title-line-height:var(--h2_typography-line-height);--awb-caption-title-letter-spacing:var(--h2_typography-letter-spacing);\"><span class=\" fusion-imageframe imageframe-none imageframe-2 hover-type-none\"><img decoding=\"async\" width=\"320\" height=\"240\" alt=\"Foto: Gaver lavet af tr\u00e6 fra det flade hus i Serfaus Fiss Ladis i Tyrol under familieferien.\" title=\"Billede 5\" src=\"https:\/\/www.sonnenterrasse-fiss.at\/wp-content\/uploads\/2024\/08\/image5.jpeg\" data-orig-src=\"https:\/\/www.sonnenterrasse-fiss.at\/wp-content\/uploads\/2024\/08\/image5.jpeg\" class=\"lazyload img-responsive wp-image-9843\" srcset=\"data:image\/svg+xml,%3Csvg%20xmlns%3D%27http%3A%2F%2Fwww.w3.org%2F2000%2Fsvg%27%20width%3D%27320%27%20height%3D%27240%27%20viewBox%3D%270%200%20320%20240%27%3E%3Crect%20width%3D%27320%27%20height%3D%27240%27%20fill-opacity%3D%220%22%2F%3E%3C%2Fsvg%3E\" data-srcset=\"https:\/\/www.sonnenterrasse-fiss.at\/wp-content\/uploads\/2024\/08\/image5-200x150.jpeg 200w, https:\/\/www.sonnenterrasse-fiss.at\/wp-content\/uploads\/2024\/08\/image5.jpeg 320w\" data-sizes=\"auto\" data-orig-sizes=\"(max-width: 1150px) 100vw, (max-width: 640px) 100vw, 320px\" \/><\/span><\/div><\/div><\/div><\/div><\/div><div class=\"fusion-fullwidth fullwidth-box fusion-builder-row-5 fusion-flex-container has-pattern-background has-mask-background nonhundred-percent-fullwidth non-hundred-percent-height-scrolling\" style=\"--awb-border-radius-top-left:0px;--awb-border-radius-top-right:0px;--awb-border-radius-bottom-right:0px;--awb-border-radius-bottom-left:0px;--awb-background-color:#dcd6d0;--awb-background-image:linear-gradient(180deg, #ffffff 0%,#dcd6d0 100%);--awb-flex-wrap:wrap;\" ><div class=\"fusion-builder-row fusion-row fusion-flex-align-items-flex-start fusion-flex-content-wrap\" style=\"max-width:1430px;margin-left: calc(-4% \/ 2 );margin-right: calc(-4% \/ 2 );\"><div class=\"fusion-layout-column fusion_builder_column fusion-builder-column-11 fusion_builder_column_1_2 1_2 fusion-flex-column\" style=\"--awb-bg-size:cover;--awb-width-large:50%;--awb-margin-top-large:0px;--awb-spacing-right-large:3.84%;--awb-margin-bottom-large:8%;--awb-spacing-left-large:3.84%;--awb-width-medium:100%;--awb-order-medium:0;--awb-spacing-right-medium:1.92%;--awb-spacing-left-medium:1.92%;--awb-width-small:100%;--awb-order-small:0;--awb-spacing-right-small:1.92%;--awb-spacing-left-small:1.92%;\"><div class=\"fusion-column-wrapper fusion-column-has-shadow fusion-flex-justify-content-flex-start fusion-content-layout-column\"><div class=\"fusion-text fusion-text-55\"><h3 style=\"text-align: center;\">Morgenmad<\/h3>\n<h3 style=\"text-align: center;\"><\/h3>\n<\/div><div class=\"fusion-separator fusion-full-width-sep\" style=\"align-self: center;margin-left: auto;margin-right: auto;margin-bottom:30px;width:100%;\"><\/div><div class=\"fusion-text fusion-text-56\"><p style=\"text-align: center;\"><strong>  Morgenmad i vores stue (kun muligt efter forudg\u00e5ende aftale):<br \/>\nVi serverer gerne morgenmad fra kl. 7.30 til 9.30<\/p>\n<p> Hvis du planl\u00e6gger en tidligere afgang eller har et lidt anderledes dagsprogram, er det ogs\u00e5 muligt at f\u00e5 morgenmad f\u00f8r kl. 7.30.<br \/>\n(efter forudg\u00e5ende aftale)<br \/>\n<\/strong><\/p>\n<hr>\n<h3 style=\"text-align: center;\"><\/h3>\n<\/div><div class=\"fusion-separator fusion-full-width-sep\" style=\"align-self: center;margin-left: auto;margin-right: auto;margin-bottom:30px;width:100%;\"><\/div><div class=\"fusion-text fusion-text-57\"><p style=\"text-align: center;\"><strong>Med vores varierede morgenmad kan du lade batterierne op til dagens ferie.<\/strong><\/p>\n<p style=\"text-align: center;\"><strong>Pris pr. person: 19 Euro<\/strong><br \/>\n<strong>fra 3 \u00e5r: 1 euro pr. \u00e5rs alder<\/strong><\/p>\n<hr>\n<h3 style=\"text-align: center;\"><\/h3>\n<\/div><div class=\"fusion-separator fusion-full-width-sep\" style=\"align-self: center;margin-left: auto;margin-right: auto;margin-bottom:30px;width:100%;\"><\/div><div class=\"fusion-text fusion-text-58\"><p style=\"text-align: center;\"><strong>Br\u00f8dservice:<\/strong><br \/>\nV\u00e6lg dine personlige favoritter af frisk br\u00f8d, giv os besked senest kl. 11.00, og n\u00e6ste morgen kan du forvente vidunderligt duftende br\u00f8d fra vores bager direkte ved din lejlighedsd\u00f8r.<\/p>\n<hr>\n<h3 style=\"text-align: center;\"><\/h3>\n<\/div><div class=\"fusion-image-element \" style=\"--awb-aspect-ratio:2 \/ 1;--awb-object-position:45% 55%;--awb-caption-title-font-family:var(--h2_typography-font-family);--awb-caption-title-font-weight:var(--h2_typography-font-weight);--awb-caption-title-font-style:var(--h2_typography-font-style);--awb-caption-title-size:var(--h2_typography-font-size);--awb-caption-title-transform:var(--h2_typography-text-transform);--awb-caption-title-line-height:var(--h2_typography-line-height);--awb-caption-title-letter-spacing:var(--h2_typography-letter-spacing);\"><span class=\" fusion-imageframe imageframe-none imageframe-3 hover-type-none has-aspect-ratio\"><img decoding=\"async\" width=\"2560\" height=\"1707\" alt=\"Foto: Rulle + kringle i det flade hus p\u00e5 en familieferie i Serfaus Fiss Ladis Tirol - i centrum n\u00e6r skiliften.\" title=\"MG 9509\" src=\"https:\/\/www.sonnenterrasse-fiss.at\/wp-content\/uploads\/2024\/08\/MG_9509-scaled.jpg\" data-orig-src=\"https:\/\/www.sonnenterrasse-fiss.at\/wp-content\/uploads\/2024\/08\/MG_9509-scaled.jpg\" class=\"lazyload img-responsive wp-image-9842 img-with-aspect-ratio\" data-parent-fit=\"cover\" data-parent-container=\".fusion-image-element\" srcset=\"data:image\/svg+xml,%3Csvg%20xmlns%3D%27http%3A%2F%2Fwww.w3.org%2F2000%2Fsvg%27%20width%3D%272560%27%20height%3D%271707%27%20viewBox%3D%270%200%202560%201707%27%3E%3Crect%20width%3D%272560%27%20height%3D%271707%27%20fill-opacity%3D%220%22%2F%3E%3C%2Fsvg%3E\" data-srcset=\"https:\/\/www.sonnenterrasse-fiss.at\/wp-content\/uploads\/2024\/08\/MG_9509-200x133.jpg 200w, https:\/\/www.sonnenterrasse-fiss.at\/wp-content\/uploads\/2024\/08\/MG_9509-400x267.jpg 400w, https:\/\/www.sonnenterrasse-fiss.at\/wp-content\/uploads\/2024\/08\/MG_9509-600x400.jpg 600w, https:\/\/www.sonnenterrasse-fiss.at\/wp-content\/uploads\/2024\/08\/MG_9509-800x533.jpg 800w, https:\/\/www.sonnenterrasse-fiss.at\/wp-content\/uploads\/2024\/08\/MG_9509-1200x800.jpg 1200w, https:\/\/www.sonnenterrasse-fiss.at\/wp-content\/uploads\/2024\/08\/MG_9509-scaled.jpg 2560w\" data-sizes=\"auto\" data-orig-sizes=\"(max-width: 1150px) 100vw, (max-width: 640px) 100vw, 800px\" \/><\/span><\/div><\/div><\/div><div class=\"fusion-layout-column fusion_builder_column fusion-builder-column-12 fusion_builder_column_1_2 1_2 fusion-flex-column\" style=\"--awb-bg-size:cover;--awb-width-large:50%;--awb-margin-top-large:0px;--awb-spacing-right-large:3.84%;--awb-margin-bottom-large:8%;--awb-spacing-left-large:3.84%;--awb-width-medium:100%;--awb-order-medium:0;--awb-spacing-right-medium:1.92%;--awb-spacing-left-medium:1.92%;--awb-width-small:100%;--awb-order-small:0;--awb-spacing-right-small:1.92%;--awb-spacing-left-small:1.92%;\"><div class=\"fusion-column-wrapper fusion-column-has-shadow fusion-flex-justify-content-flex-start fusion-content-layout-column\"><div class=\"fusion-text fusion-text-59\"><h3 style=\"text-align: center;\">K\u00e6lkeaften<\/h3>\n<h3 style=\"text-align: center;\"><\/h3>\n<\/div><div class=\"fusion-separator fusion-full-width-sep\" style=\"align-self: center;margin-left: auto;margin-right: auto;margin-bottom:30px;width:100%;\"><\/div><div class=\"fusion-text fusion-text-60\"><p style=\"text-align: center;\"><strong>P\u00e5 en k\u00e6lk &#8220;suser\" du gennem et smukt vinterlandskab fra Sch\u00f6njochbahns mellemstation, over Sonnenburg og ned i dalen. Og n\u00e5r solen langsomt g\u00e5r ned, og m\u00f8rket falder p\u00e5, begynder det sjove for alvor &#8211; natk\u00e6lkning:<br \/>\n<\/strong><\/p>\n<hr>\n<h3 style=\"text-align: center;\"><\/h3>\n<\/div><div class=\"fusion-separator fusion-full-width-sep\" style=\"align-self: center;margin-left: auto;margin-right: auto;margin-bottom:30px;width:100%;\"><\/div><div class=\"fusion-text fusion-text-61\"><p style=\"text-align: center;\">Hver torsdag til og med 4. april 2024 fra kl. 17.45 til 21.30.<br \/>\nSch\u00f6njochbahn I og Sonnenbahn Ladis-Fiss \u00e5ben fra kl. 17.45 til 21.30.<br \/>\nM\u00e4rchenexpress \u00e5ben fra kl. 17.45 til 21.00.<\/p>\n<p style=\"text-align: center;\">Hvordan fungerer det?<br \/>\nK\u00e6lke kan lejes direkte fra Haus Sonnenterrasse.<br \/>\nGratis udlejning<br \/>\nHvis k\u00e6lken beskadiges eller ikke returneres, opkr\u00e6ves 150 euro for k\u00e6lken og 20 euro for sikkerhedsl\u00e5sen.<\/p>\n<hr>\n<h3 style=\"text-align: center;\"><\/h3>\n<\/div><div class=\"fusion-separator fusion-full-width-sep\" style=\"align-self: center;margin-left: auto;margin-right: auto;margin-bottom:30px;width:100%;\"><\/div><div class=\"fusion-text fusion-text-62\"><p style=\"text-align: center;\"><strong>Gode<\/strong> r\u00e5d<br \/>\nEn skihjelm beskytter i tilf\u00e6lde af fald.<br \/>\nLad kun mindre b\u00f8rn k\u00e6lke alene, hvis de kan styre og bremse sikkert.<br \/>\nK\u00e6lk aldrig p\u00e5 hovedet og med hovedet f\u00f8rst. En oprejst siddestilling med overkroppen vippet lidt bagud er ideel. Det g\u00f8r det lettere at styre og bremse og mindsker risikoen for hovedskader.<br \/>\nK\u00e6lk kun p\u00e5 en snevejrsbane. Tr\u00e6k ALDRIG p\u00e5 en vej med grus. Det vil beskadige mederne.<br \/>\nBrug den gratis sikkerhedsl\u00e5s til at beskytte k\u00e6lken mod tyveri.    <\/p>\n<hr>\n<h3 style=\"text-align: center;\"><\/h3>\n<\/div><\/div><\/div><\/div><\/div><div class=\"fusion-fullwidth fullwidth-box fusion-builder-row-6 fusion-flex-container has-pattern-background has-mask-background nonhundred-percent-fullwidth non-hundred-percent-height-scrolling\" style=\"--awb-border-radius-top-left:0px;--awb-border-radius-top-right:0px;--awb-border-radius-bottom-right:0px;--awb-border-radius-bottom-left:0px;--awb-background-image:linear-gradient(180deg, #ffffff 0%,#dcd6d0 100%);--awb-flex-wrap:wrap;\" ><div class=\"fusion-builder-row fusion-row fusion-flex-align-items-flex-start fusion-flex-content-wrap\" style=\"max-width:1430px;margin-left: calc(-4% \/ 2 );margin-right: calc(-4% \/ 2 );\"><div class=\"fusion-layout-column fusion_builder_column fusion-builder-column-13 fusion_builder_column_1_2 1_2 fusion-flex-column\" style=\"--awb-bg-size:cover;--awb-width-large:50%;--awb-margin-top-large:0px;--awb-spacing-right-large:3.84%;--awb-margin-bottom-large:8%;--awb-spacing-left-large:3.84%;--awb-width-medium:100%;--awb-order-medium:0;--awb-spacing-right-medium:1.92%;--awb-spacing-left-medium:1.92%;--awb-width-small:100%;--awb-order-small:0;--awb-spacing-right-small:1.92%;--awb-spacing-left-small:1.92%;\"><div class=\"fusion-column-wrapper fusion-column-has-shadow fusion-flex-justify-content-flex-start fusion-content-layout-column\"><div class=\"fusion-text fusion-text-63\"><h3 style=\"text-align: center;\">Super.sommer.kort<\/h3>\n<h3 style=\"text-align: center;\"><\/h3>\n<\/div><div class=\"fusion-separator fusion-full-width-sep\" style=\"align-self: center;margin-left: auto;margin-right: auto;margin-bottom:30px;width:100%;\"><\/div><div class=\"fusion-text fusion-text-64\"><p style=\"text-align: center;\"><strong>Sommerferie<\/strong><br \/>\n<strong>Selv om sommeren kan det betyde: Af sted til Fiss.<\/strong><\/p>\n<p style=\"text-align: center;\"><strong>Ved check-in f\u00e5r du Super.Sommer.Card for kun 6,50 euro\/nat\/person, og s\u00e5 kan din ferie begynde.  <\/strong><br \/>\n<strong>Sv\u00e6vebaner, vandrebusser og utallige attraktioner er tilg\u00e6ngelige for dig med dette kort. Forventningen til sommerdagene er dobbelt s\u00e5 stor, for med Super.Summer.Card bliver din tid ude endnu mere uforglemmelig.   <\/strong><\/p>\n<hr>\n<h3 style=\"text-align: center;\"><\/h3>\n<\/div><div class=\"fusion-separator fusion-full-width-sep\" style=\"align-self: center;margin-left: auto;margin-right: auto;margin-bottom:30px;width:100%;\"><\/div><div class=\"fusion-text fusion-text-65\"><p style=\"text-align: center;\"><strong>Med SUPER. SOMMER. CARD. er der ubegr\u00e6nset adgang til alle bjerglifte i Serfaus-Fiss-Ladis. Det betyder, at unge og gamle ubesv\u00e6ret kan rejse op til den \u00f8nskede h\u00f8jde med et &#8220;gondol\"-netv\u00e6rk af 11 bjerglifte, der er unikt i alperegionen, og derfra kan de komfortabelt begive sig ud p\u00e5 vandreture og g\u00e5ture langs vandre- og temastierne i den fascinerende alpe- og bjergverden i Serfaus-Fiss-Ladis.    <\/strong><\/p>\n<hr>\n<h3 style=\"text-align: center;\"><\/h3>\n<\/div><div class=\"fusion-text fusion-text-66\"><p style=\"text-align: center;\">Driftstider for bjergbaner i sommeren 2025<\/p>\n<p><strong>Skovbanen<\/strong> fra 14. juni til 19. oktober 2025: dagligt fra kl. 8.30 til 17.00<br \/>\n<strong>Sunliner<\/strong> fra 14. juni til 19. oktober 2025: dagligt fra kl. 8.30 til 17.00<br \/>\n<strong>Alpkopfbahn<\/strong> fra 14. juni til 19. oktober 2025: dagligt fra kl. 8.30 til 17.00<br \/>\n<strong>Komperdellbahn<\/strong> fra 14. juni til 19. oktober 2025: dagligt fra kl. 8.30 til 17.00<br \/>\n<strong>Lazidbahn<\/strong> fra 21. juni til 12. oktober 2025: dagligt fra kl. 8.30 til 16.30<br \/>\n<strong>Sch\u00f6njochbahn I + II<\/strong> fra 14. juni til 19. oktober 2025: dagligt fra kl. 8.30 til 16.30<br \/>\n<strong>M\u00f6seralmbahn Fiss<\/strong> fra 14. juni til 19. oktober 2025: dagligt fra kl. 8.30 til 17.00<br \/>\n<strong>Sonnenbahn Fiss-Ladis<\/strong> fra 14. juni til 19. oktober 2025: dagligt fra kl. 8.30 til 17.00<br \/>\n<strong>Almbahn<\/strong> fra 21. juni til 12. oktober 2025: dagligt fra kl. 9.30 til 16.00<br \/>\n<strong>Serfaus metro<\/strong> fra 14. juni til 19. oktober 2024: dagligt fra kl. 7.45 til 17.15<\/p>\n<hr>\n<h3 style=\"text-align: center;\"><\/h3>\n<\/div><div class=\"fusion-separator fusion-full-width-sep\" style=\"align-self: center;margin-left: auto;margin-right: auto;margin-bottom:30px;width:100%;\"><\/div><\/div><\/div><div class=\"fusion-layout-column fusion_builder_column fusion-builder-column-14 fusion_builder_column_1_2 1_2 fusion-flex-column\" style=\"--awb-bg-size:cover;--awb-width-large:50%;--awb-margin-top-large:0px;--awb-spacing-right-large:3.84%;--awb-margin-bottom-large:8%;--awb-spacing-left-large:3.84%;--awb-width-medium:100%;--awb-order-medium:0;--awb-spacing-right-medium:1.92%;--awb-spacing-left-medium:1.92%;--awb-width-small:100%;--awb-order-small:0;--awb-spacing-right-small:1.92%;--awb-spacing-left-small:1.92%;\"><div class=\"fusion-column-wrapper fusion-column-has-shadow fusion-flex-justify-content-flex-start fusion-content-layout-column\"><div class=\"fusion-text fusion-text-67\"><h3 style=\"text-align: center;\">Pool &#8211; Sommer nyheder<\/h3>\n<h3 style=\"text-align: center;\"><\/h3>\n<\/div><div class=\"fusion-separator fusion-full-width-sep\" style=\"align-self: center;margin-left: auto;margin-right: auto;margin-bottom:30px;width:100%;\"><\/div><div class=\"fusion-text fusion-text-68\"><p style=\"text-align: center;\"><strong>Swimmingpool<\/strong><\/p>\n<h3 style=\"text-align: center;\"><\/h3>\n<\/div><div class=\"fusion-separator fusion-full-width-sep\" style=\"align-self: center;margin-left: auto;margin-right: auto;margin-bottom:30px;width:100%;\"><\/div><div class=\"fusion-text fusion-text-69\"><p style=\"text-align: center;\"><strong>Nyd den betagende udsigt over de omkringliggende bjerge, og lad tankerne vandre.<\/strong><\/p>\n<hr>\n<h3 style=\"text-align: center;\"><\/h3>\n<\/div><div class=\"fusion-separator fusion-full-width-sep\" style=\"align-self: center;margin-left: auto;margin-right: auto;margin-bottom:30px;width:100%;\"><\/div><div class=\"fusion-text fusion-text-70\"><p style=\"text-align: center;\"><strong>Vandsjov i poolen om sommeren: <\/strong><br \/>\n<strong>Den nye swimmingpool er en forfriskende oplevelse. <\/strong><br \/>\n<strong>Vandtemperaturen er mellem 23 og 25 grader.<\/strong><\/p>\n<hr>\n<h3 style=\"text-align: center;\"><\/h3>\n<\/div><div class=\"fusion-separator fusion-full-width-sep\" style=\"align-self: center;margin-left: auto;margin-right: auto;margin-bottom:30px;width:100%;\"><\/div><div class=\"fusion-image-element \" style=\"--awb-aspect-ratio:2 \/ 1;--awb-caption-title-font-family:var(--h2_typography-font-family);--awb-caption-title-font-weight:var(--h2_typography-font-weight);--awb-caption-title-font-style:var(--h2_typography-font-style);--awb-caption-title-size:var(--h2_typography-font-size);--awb-caption-title-transform:var(--h2_typography-text-transform);--awb-caption-title-line-height:var(--h2_typography-line-height);--awb-caption-title-letter-spacing:var(--h2_typography-letter-spacing);\"><span class=\" fusion-imageframe imageframe-none imageframe-4 hover-type-none has-aspect-ratio\"><img decoding=\"async\" width=\"720\" height=\"540\" alt=\"Foto: Udend\u00f8rs pool p\u00e5 Appartement Haus i \u00d8strig Tyrol Serfaus Fiss Ladis - perfekt til familieferie.\" title=\"Pool\" src=\"https:\/\/www.sonnenterrasse-fiss.at\/wp-content\/uploads\/2024\/08\/Pool.jpg\" data-orig-src=\"https:\/\/www.sonnenterrasse-fiss.at\/wp-content\/uploads\/2024\/08\/Pool.jpg\" class=\"lazyload img-responsive wp-image-9841 img-with-aspect-ratio\" data-parent-fit=\"cover\" data-parent-container=\".fusion-image-element\" srcset=\"data:image\/svg+xml,%3Csvg%20xmlns%3D%27http%3A%2F%2Fwww.w3.org%2F2000%2Fsvg%27%20width%3D%27720%27%20height%3D%27540%27%20viewBox%3D%270%200%20720%20540%27%3E%3Crect%20width%3D%27720%27%20height%3D%27540%27%20fill-opacity%3D%220%22%2F%3E%3C%2Fsvg%3E\" data-srcset=\"https:\/\/www.sonnenterrasse-fiss.at\/wp-content\/uploads\/2024\/08\/Pool-200x150.jpg 200w, https:\/\/www.sonnenterrasse-fiss.at\/wp-content\/uploads\/2024\/08\/Pool-400x300.jpg 400w, https:\/\/www.sonnenterrasse-fiss.at\/wp-content\/uploads\/2024\/08\/Pool-600x450.jpg 600w, https:\/\/www.sonnenterrasse-fiss.at\/wp-content\/uploads\/2024\/08\/Pool.jpg 720w\" data-sizes=\"auto\" data-orig-sizes=\"(max-width: 1150px) 100vw, (max-width: 640px) 100vw, 720px\" \/><\/span><\/div><\/div><\/div><\/div><\/div><div class=\"fusion-fullwidth fullwidth-box fusion-builder-row-7 fusion-flex-container has-pattern-background has-mask-background hundred-percent-fullwidth non-hundred-percent-height-scrolling\" style=\"--awb-border-radius-top-left:0px;--awb-border-radius-top-right:0px;--awb-border-radius-bottom-right:0px;--awb-border-radius-bottom-left:0px;--awb-padding-top:0px;--awb-padding-right:0px;--awb-padding-bottom:0px;--awb-padding-left:0px;--awb-margin-top:0px;--awb-margin-bottom:-5px;--awb-background-color:#9a9646;--awb-flex-wrap:wrap;\" ><div class=\"fusion-builder-row fusion-row fusion-flex-align-items-stretch fusion-flex-justify-content-flex-end fusion-flex-content-wrap\" style=\"width:calc( 100% + 0px ) !important;max-width:calc( 100% + 0px ) !important;margin-left: calc(-0px \/ 2 );margin-right: calc(-0px \/ 2 );\"><div class=\"fusion-layout-column fusion_builder_column fusion-builder-column-15 fusion_builder_column_3_5 3_5 fusion-flex-column fusion-flex-align-self-stretch fusion-column-inner-bg-wrapper fusion-animated\" style=\"--awb-padding-top-medium:20vh;--awb-padding-bottom-medium:20vh;--awb-padding-top-small:20vh;--awb-padding-bottom-small:20vh;--awb-inner-bg-position:center top;--awb-inner-bg-size:cover;--awb-width-large:60%;--awb-margin-top-large:0px;--awb-spacing-right-large:0px;--awb-margin-bottom-large:0px;--awb-spacing-left-large:0px;--awb-width-medium:100%;--awb-order-medium:0;--awb-spacing-right-medium:0px;--awb-spacing-left-medium:0px;--awb-width-small:100%;--awb-order-small:0;--awb-spacing-right-small:0px;--awb-spacing-left-small:0px;\" data-animationType=\"fadeIn\" data-animationDuration=\"1.0\" data-animationOffset=\"top-into-view\" data-scroll-devices=\"small-visibility,medium-visibility,large-visibility\"><span class=\"fusion-column-inner-bg hover-type-zoomin\"><span class=\"fusion-column-anchor\"><span class=\"fusion-column-inner-bg-image lazyload\" data-bg=\"https:\/\/sonnenterrasse-fiss.at\/wp-content\/uploads\/2023\/12\/STF_Hausbild2.jpg\"><\/span><\/span><\/span><div class=\"fusion-column-wrapper fusion-column-has-shadow fusion-flex-justify-content-center fusion-content-layout-column fusion-empty-column-bg-image fusion-column-has-bg-image\" data-bg-url=\"https:\/\/sonnenterrasse-fiss.at\/wp-content\/uploads\/2023\/12\/STF_Hausbild2.jpg\"><img decoding=\"async\" class=\"fusion-empty-dims-img-placeholder fusion-no-large-visibility\" src=\"data:image\/gif;base64,R0lGODlhAQABAAAAACH5BAEKAAEALAAAAAABAAEAAAICTAEAOw==\"><\/div><\/div><div class=\"fusion-layout-column fusion_builder_column fusion-builder-column-16 fusion_builder_column_2_5 2_5 fusion-flex-column fusion-animated\" style=\"--awb-padding-top:0px;--awb-padding-right:15%;--awb-padding-bottom:8%;--awb-padding-left:16%;--awb-bg-color:#9a9646;--awb-bg-color-hover:#9a9646;--awb-bg-size:cover;--awb-width-large:40%;--awb-margin-top-large:0px;--awb-spacing-right-large:0px;--awb-margin-bottom-large:0px;--awb-spacing-left-large:0px;--awb-width-medium:100%;--awb-order-medium:0;--awb-spacing-right-medium:0px;--awb-spacing-left-medium:0px;--awb-width-small:100%;--awb-order-small:0;--awb-spacing-right-small:0px;--awb-spacing-left-small:0px;\" data-animationType=\"fadeInRight\" data-animationDuration=\"1.0\" data-animationOffset=\"top-into-view\" data-scroll-devices=\"small-visibility,medium-visibility,large-visibility\"><div class=\"fusion-column-wrapper fusion-column-has-shadow fusion-flex-justify-content-flex-start fusion-content-layout-column\"><div class=\"fusion-separator fusion-no-small-visibility fusion-no-medium-visibility fusion-full-width-sep\" style=\"align-self: center;margin-left: auto;margin-right: auto;margin-top:100px;width:100%;\"><\/div><div class=\"fusion-separator fusion-no-large-visibility fusion-full-width-sep\" style=\"align-self: center;margin-left: auto;margin-right: auto;margin-top:70px;width:100%;\"><\/div><div class=\"fusion-builder-row fusion-builder-row-inner fusion-row fusion-flex-align-items-stretch fusion-flex-justify-content-flex-end fusion-flex-content-wrap\" style=\"--awb-flex-grow:0;--awb-flex-grow-medium:0;--awb-flex-grow-small:0;--awb-flex-shrink:0;--awb-flex-shrink-medium:0;--awb-flex-shrink-small:0;width:calc( 100% + 0px ) !important;max-width:calc( 100% + 0px ) !important;margin-left: calc(-0px \/ 2 );margin-right: calc(-0px \/ 2 );\"><div class=\"fusion-layout-column fusion_builder_column_inner fusion-builder-nested-column-0 fusion_builder_column_inner_1_1 1_1 fusion-flex-column\" style=\"--awb-bg-size:cover;--awb-width-large:100%;--awb-margin-top-large:0px;--awb-spacing-right-large:0px;--awb-margin-bottom-large:20px;--awb-spacing-left-large:0px;--awb-width-medium:100%;--awb-order-medium:0;--awb-spacing-right-medium:0px;--awb-margin-bottom-medium:0px;--awb-spacing-left-medium:0px;--awb-width-small:100%;--awb-order-small:0;--awb-spacing-right-small:0px;--awb-spacing-left-small:0px;\"><div class=\"fusion-column-wrapper fusion-column-has-shadow fusion-flex-justify-content-flex-start fusion-content-layout-column\"><div class=\"fusion-title title fusion-title-2 fusion-sep-none fusion-title-text fusion-title-size-two\" style=\"--awb-text-color:#ffffff;--awb-margin-bottom:15px;--awb-margin-top-small:0px;--awb-margin-right-small:0px;--awb-margin-bottom-small:20px;--awb-margin-left-small:0px;--awb-font-size:70px;\"><h2 class=\"fusion-title-heading title-heading-left fusion-responsive-typography-calculated\" style=\"margin:0;font-size:1em;--fontSize:70;line-height:1.2;\">Nydelse i bjergene<\/h2><\/div><div class=\"fusion-title title fusion-title-3 fusion-sep-none fusion-title-text fusion-title-size-six\" style=\"--awb-text-color:#e2d9d2;--awb-margin-bottom:11%;--awb-margin-top-small:0px;--awb-margin-right-small:0px;--awb-margin-bottom-small:20px;--awb-margin-left-small:0px;\"><h6 class=\"fusion-title-heading title-heading-left fusion-responsive-typography-calculated\" style=\"margin:0;--fontSize:18;--minFontSize:18;line-height:1.5;\"><h4><span style=\"color: #e2d9d2;\">SERFAUS FISS LADIS-REGIONEN<br \/>\n<\/span><\/h4><\/h6><\/div><div class=\"fusion-text fusion-text-71\" style=\"--awb-text-color:#ffffff;\"><p>Om vinteren forvandles Serfaus Fiss Ladis-regionen til et magisk vinterparadis. De sned\u00e6kkede pister og det funklende vinterlandskab tiltr\u00e6kker mange skientusiaster. Kun 150 meter adskiller dig fra Fiss-bjergbanen og en bred vifte af vintersportsmuligheder:<br \/>\nNyd sneskovandringer fulde af eventyr, glid langs langrendsl\u00f8jperne eller sus ned ad bakke p\u00e5 en sjov k\u00e6lkebakke. S\u00e5 hop i skit\u00f8jet og tag af sted p\u00e5 dit sp\u00e6ndende vintereventyr.<\/p>\n<\/div><div class=\"fusion-separator fusion-full-width-sep\" style=\"align-self: center;margin-left: auto;margin-right: auto;margin-bottom:0%;width:100%;\"><\/div><\/div><\/div><\/div><div ><a class=\"fusion-button button-flat fusion-button-default-size button-custom fusion-button-default button-1 fusion-button-default-span fusion-button-default-type\" style=\"--button_accent_color:#ffffff;--button_border_color:#ffffff;--button_accent_hover_color:#9c9089;--button_border_hover_color:#9c9089;--button_gradient_top_color:rgba(255,255,255,0);--button_gradient_bottom_color:rgba(255,255,255,0);--button_gradient_top_color_hover:#ffffff;--button_gradient_bottom_color_hover:#ffffff;\" target=\"_self\"><i class=\"fa-angle-double-right fas awb-button__icon awb-button__icon--default button-icon-left\" aria-hidden=\"true\"><\/i><span class=\"fusion-button-text awb-button__text awb-button__text--default\">Aktiv i Fiss<\/span><\/a><\/div><div class=\"fusion-separator fusion-no-large-visibility fusion-full-width-sep\" style=\"align-self: center;margin-left: auto;margin-right: auto;margin-top:100px;width:100%;\"><\/div><\/div><\/div><div class=\"fusion-layout-column fusion_builder_column fusion-builder-column-17 fusion_builder_column_1_1 1_1 fusion-flex-column\" style=\"--awb-bg-size:cover;--awb-width-large:100%;--awb-margin-top-large:0px;--awb-spacing-right-large:0px;--awb-margin-bottom-large:8%;--awb-spacing-left-large:0px;--awb-width-medium:100%;--awb-order-medium:0;--awb-spacing-right-medium:0px;--awb-spacing-left-medium:0px;--awb-width-small:100%;--awb-order-small:0;--awb-spacing-right-small:0px;--awb-spacing-left-small:0px;\"><div class=\"fusion-column-wrapper fusion-column-has-shadow fusion-flex-justify-content-flex-start fusion-content-layout-column\"><\/div><\/div><\/div><\/div><\/p>\n","protected":false},"excerpt":{"rendered":"","protected":false},"author":7,"featured_media":0,"parent":0,"menu_order":0,"comment_status":"closed","ping_status":"closed","template":"100-width.php","meta":{"footnotes":""},"class_list":["post-9840","page","type-page","status-publish","hentry"],"yoast_head":"<!-- This site is optimized with the Yoast SEO plugin v27.5 - https:\/\/yoast.com\/product\/yoast-seo-wordpress\/ -->\n<title>Inkluderede tjenester af ferielejligheden Fiss . Lejlighed Fiss<\/title>\n<meta name=\"description\" content=\"Her finder du de inkluderende tjenester i ferielejligheden Fiss, din bedste lejlighed i Serfaus Fiss Ladis og alle de vigtige detaljer.\" \/>\n<meta name=\"robots\" content=\"index, follow, max-snippet:-1, max-image-preview:large, max-video-preview:-1\" \/>\n<link rel=\"canonical\" href=\"https:\/\/www.sonnenterrasse-fiss.at\/da\/husinformation-vinter\/\" \/>\n<meta property=\"og:locale\" content=\"da_DK\" \/>\n<meta property=\"og:type\" content=\"article\" \/>\n<meta property=\"og:title\" content=\"Inkluderede tjenester af ferielejligheden Fiss . Lejlighed Fiss\" \/>\n<meta property=\"og:description\" content=\"Her finder du de inkluderende tjenester i ferielejligheden Fiss, din bedste lejlighed i Serfaus Fiss Ladis og alle de vigtige detaljer.\" \/>\n<meta property=\"og:url\" content=\"https:\/\/www.sonnenterrasse-fiss.at\/da\/husinformation-vinter\/\" \/>\n<meta property=\"og:site_name\" content=\"Appartement Sonnenterrasse\" \/>\n<meta property=\"article:publisher\" content=\"https:\/\/www.facebook.com\/HotelPostHinterriss\" \/>\n<meta property=\"article:modified_time\" content=\"2026-03-04T13:36:08+00:00\" \/>\n<meta name=\"twitter:card\" content=\"summary_large_image\" \/>\n<meta name=\"twitter:label1\" content=\"Estimeret l\u00e6setid\" \/>\n\t<meta name=\"twitter:data1\" content=\"117 minutter\" \/>\n<script type=\"application\/ld+json\" class=\"yoast-schema-graph\">{\"@context\":\"https:\\\/\\\/schema.org\",\"@graph\":[{\"@type\":\"WebPage\",\"@id\":\"https:\\\/\\\/www.sonnenterrasse-fiss.at\\\/da\\\/husinformation-vinter\\\/\",\"url\":\"https:\\\/\\\/www.sonnenterrasse-fiss.at\\\/da\\\/husinformation-vinter\\\/\",\"name\":\"Inkluderede tjenester af ferielejligheden Fiss . Lejlighed Fiss\",\"isPartOf\":{\"@id\":\"https:\\\/\\\/www.sonnenterrasse-fiss.at\\\/da\\\/#website\"},\"datePublished\":\"2024-08-16T08:32:50+00:00\",\"dateModified\":\"2026-03-04T13:36:08+00:00\",\"description\":\"Her finder du de inkluderende tjenester i ferielejligheden Fiss, din bedste lejlighed i Serfaus Fiss Ladis og alle de vigtige detaljer.\",\"breadcrumb\":{\"@id\":\"https:\\\/\\\/www.sonnenterrasse-fiss.at\\\/da\\\/husinformation-vinter\\\/#breadcrumb\"},\"inLanguage\":\"da-DK\",\"potentialAction\":[{\"@type\":\"ReadAction\",\"target\":[\"https:\\\/\\\/www.sonnenterrasse-fiss.at\\\/da\\\/husinformation-vinter\\\/\"]}]},{\"@type\":\"BreadcrumbList\",\"@id\":\"https:\\\/\\\/www.sonnenterrasse-fiss.at\\\/da\\\/husinformation-vinter\\\/#breadcrumb\",\"itemListElement\":[{\"@type\":\"ListItem\",\"position\":1,\"name\":\"Home\",\"item\":\"https:\\\/\\\/www.sonnenterrasse-fiss.at\\\/da\\\/\"},{\"@type\":\"ListItem\",\"position\":2,\"name\":\"Husinformation vinter\"}]},{\"@type\":\"WebSite\",\"@id\":\"https:\\\/\\\/www.sonnenterrasse-fiss.at\\\/da\\\/#website\",\"url\":\"https:\\\/\\\/www.sonnenterrasse-fiss.at\\\/da\\\/\",\"name\":\"Appartement Sonnenterrasse\",\"description\":\"Appartements mit Herz in Tirol\",\"publisher\":{\"@id\":\"https:\\\/\\\/www.sonnenterrasse-fiss.at\\\/da\\\/#organization\"},\"potentialAction\":[{\"@type\":\"SearchAction\",\"target\":{\"@type\":\"EntryPoint\",\"urlTemplate\":\"https:\\\/\\\/www.sonnenterrasse-fiss.at\\\/da\\\/?s={search_term_string}\"},\"query-input\":{\"@type\":\"PropertyValueSpecification\",\"valueRequired\":true,\"valueName\":\"search_term_string\"}}],\"inLanguage\":\"da-DK\"},{\"@type\":\"Organization\",\"@id\":\"https:\\\/\\\/www.sonnenterrasse-fiss.at\\\/da\\\/#organization\",\"name\":\"Florian Reindl e.U.\",\"url\":\"https:\\\/\\\/www.sonnenterrasse-fiss.at\\\/da\\\/\",\"logo\":{\"@type\":\"ImageObject\",\"inLanguage\":\"da-DK\",\"@id\":\"https:\\\/\\\/www.sonnenterrasse-fiss.at\\\/da\\\/#\\\/schema\\\/logo\\\/image\\\/\",\"url\":\"https:\\\/\\\/sonnenterrasse-fiss.at\\\/wp-content\\\/uploads\\\/2021\\\/05\\\/268x80_Logo_quer_RETINA.png\",\"contentUrl\":\"https:\\\/\\\/sonnenterrasse-fiss.at\\\/wp-content\\\/uploads\\\/2021\\\/05\\\/268x80_Logo_quer_RETINA.png\",\"width\":268,\"height\":80,\"caption\":\"Florian Reindl e.U.\"},\"image\":{\"@id\":\"https:\\\/\\\/www.sonnenterrasse-fiss.at\\\/da\\\/#\\\/schema\\\/logo\\\/image\\\/\"},\"sameAs\":[\"https:\\\/\\\/www.facebook.com\\\/HotelPostHinterriss\"]}]}<\/script>\n<!-- \/ Yoast SEO plugin. -->","yoast_head_json":{"title":"Inkluderede tjenester af ferielejligheden Fiss . Lejlighed Fiss","description":"Her finder du de inkluderende tjenester i ferielejligheden Fiss, din bedste lejlighed i Serfaus Fiss Ladis og alle de vigtige detaljer.","robots":{"index":"index","follow":"follow","max-snippet":"max-snippet:-1","max-image-preview":"max-image-preview:large","max-video-preview":"max-video-preview:-1"},"canonical":"https:\/\/www.sonnenterrasse-fiss.at\/da\/husinformation-vinter\/","og_locale":"da_DK","og_type":"article","og_title":"Inkluderede tjenester af ferielejligheden Fiss . Lejlighed Fiss","og_description":"Her finder du de inkluderende tjenester i ferielejligheden Fiss, din bedste lejlighed i Serfaus Fiss Ladis og alle de vigtige detaljer.","og_url":"https:\/\/www.sonnenterrasse-fiss.at\/da\/husinformation-vinter\/","og_site_name":"Appartement Sonnenterrasse","article_publisher":"https:\/\/www.facebook.com\/HotelPostHinterriss","article_modified_time":"2026-03-04T13:36:08+00:00","twitter_card":"summary_large_image","twitter_misc":{"Estimeret l\u00e6setid":"117 minutter"},"schema":{"@context":"https:\/\/schema.org","@graph":[{"@type":"WebPage","@id":"https:\/\/www.sonnenterrasse-fiss.at\/da\/husinformation-vinter\/","url":"https:\/\/www.sonnenterrasse-fiss.at\/da\/husinformation-vinter\/","name":"Inkluderede tjenester af ferielejligheden Fiss . Lejlighed Fiss","isPartOf":{"@id":"https:\/\/www.sonnenterrasse-fiss.at\/da\/#website"},"datePublished":"2024-08-16T08:32:50+00:00","dateModified":"2026-03-04T13:36:08+00:00","description":"Her finder du de inkluderende tjenester i ferielejligheden Fiss, din bedste lejlighed i Serfaus Fiss Ladis og alle de vigtige detaljer.","breadcrumb":{"@id":"https:\/\/www.sonnenterrasse-fiss.at\/da\/husinformation-vinter\/#breadcrumb"},"inLanguage":"da-DK","potentialAction":[{"@type":"ReadAction","target":["https:\/\/www.sonnenterrasse-fiss.at\/da\/husinformation-vinter\/"]}]},{"@type":"BreadcrumbList","@id":"https:\/\/www.sonnenterrasse-fiss.at\/da\/husinformation-vinter\/#breadcrumb","itemListElement":[{"@type":"ListItem","position":1,"name":"Home","item":"https:\/\/www.sonnenterrasse-fiss.at\/da\/"},{"@type":"ListItem","position":2,"name":"Husinformation vinter"}]},{"@type":"WebSite","@id":"https:\/\/www.sonnenterrasse-fiss.at\/da\/#website","url":"https:\/\/www.sonnenterrasse-fiss.at\/da\/","name":"Appartement Sonnenterrasse","description":"Appartements mit Herz in Tirol","publisher":{"@id":"https:\/\/www.sonnenterrasse-fiss.at\/da\/#organization"},"potentialAction":[{"@type":"SearchAction","target":{"@type":"EntryPoint","urlTemplate":"https:\/\/www.sonnenterrasse-fiss.at\/da\/?s={search_term_string}"},"query-input":{"@type":"PropertyValueSpecification","valueRequired":true,"valueName":"search_term_string"}}],"inLanguage":"da-DK"},{"@type":"Organization","@id":"https:\/\/www.sonnenterrasse-fiss.at\/da\/#organization","name":"Florian Reindl e.U.","url":"https:\/\/www.sonnenterrasse-fiss.at\/da\/","logo":{"@type":"ImageObject","inLanguage":"da-DK","@id":"https:\/\/www.sonnenterrasse-fiss.at\/da\/#\/schema\/logo\/image\/","url":"https:\/\/sonnenterrasse-fiss.at\/wp-content\/uploads\/2021\/05\/268x80_Logo_quer_RETINA.png","contentUrl":"https:\/\/sonnenterrasse-fiss.at\/wp-content\/uploads\/2021\/05\/268x80_Logo_quer_RETINA.png","width":268,"height":80,"caption":"Florian Reindl e.U."},"image":{"@id":"https:\/\/www.sonnenterrasse-fiss.at\/da\/#\/schema\/logo\/image\/"},"sameAs":["https:\/\/www.facebook.com\/HotelPostHinterriss"]}]}},"_links":{"self":[{"href":"https:\/\/www.sonnenterrasse-fiss.at\/da\/wp-json\/wp\/v2\/pages\/9840","targetHints":{"allow":["GET"]}}],"collection":[{"href":"https:\/\/www.sonnenterrasse-fiss.at\/da\/wp-json\/wp\/v2\/pages"}],"about":[{"href":"https:\/\/www.sonnenterrasse-fiss.at\/da\/wp-json\/wp\/v2\/types\/page"}],"author":[{"embeddable":true,"href":"https:\/\/www.sonnenterrasse-fiss.at\/da\/wp-json\/wp\/v2\/users\/7"}],"replies":[{"embeddable":true,"href":"https:\/\/www.sonnenterrasse-fiss.at\/da\/wp-json\/wp\/v2\/comments?post=9840"}],"version-history":[{"count":3,"href":"https:\/\/www.sonnenterrasse-fiss.at\/da\/wp-json\/wp\/v2\/pages\/9840\/revisions"}],"predecessor-version":[{"id":9846,"href":"https:\/\/www.sonnenterrasse-fiss.at\/da\/wp-json\/wp\/v2\/pages\/9840\/revisions\/9846"}],"wp:attachment":[{"href":"https:\/\/www.sonnenterrasse-fiss.at\/da\/wp-json\/wp\/v2\/media?parent=9840"}],"curies":[{"name":"wp","href":"https:\/\/api.w.org\/{rel}","templated":true}]}}